{"id":1557,"date":"2018-08-11T18:21:29","date_gmt":"2018-08-11T16:21:29","guid":{"rendered":"http:\/\/wp.kristdemokraterna.se\/ydre\/?page_id=1557"},"modified":"2018-08-11T18:21:48","modified_gmt":"2018-08-11T16:21:48","slug":"2015-09-30-det-brinner-i-knutarna","status":"publish","type":"page","link":"https:\/\/wp.kristdemokraterna.se\/ydre\/2015-09-30-det-brinner-i-knutarna\/","title":{"rendered":"2015-09-30 Det brinner i knutarna"},"content":{"rendered":"<p>S\u00e5 kan man sammanfatta den analys av Ydre kommun som gjorts av Sveriges Kommuner och Landsting och som presenterades h\u00e4romdagen.<br \/>\nVisst finns det positiva omn\u00e4mnanden i analysen. Ydres befolking kommer sannolikt inte att minska de n\u00e4rmaste fem \u00e5ren. Men andelen pension\u00e4rer \u00f6kar och andelen f\u00f6rv\u00e4rvsarbetande minskar.<br \/>\nYdre h\u00f6r inte till de riktigt fattiga kommunerna. Men vi f\u00f6rbrukar mer \u00e4n vi egentligen har r\u00e5d med. Visserligen g\u00f6rs det upp en budget varje \u00e5r. Men den klarar vi n\u00e4stan aldrig att h\u00e5lla.<br \/>\nTill det oroande h\u00f6r att politiker och tj\u00e4nstem\u00e4n har mycket olika f\u00f6rest\u00e4llningar om vad som p\u00e5g\u00e5r i kommunen och varf\u00f6r det g\u00e5r som det g\u00e5r. &#8221;Talar ni inte med vad varandra?&#8221; fr\u00e5gade utredarna.<br \/>\nDet m\u00e5ste allts\u00e5 till en b\u00e4ttre kontakt mellan politiker och medarbetare. Att politiker best\u00e4mmer s\u00e5 som det sker nu leder inte till styrka utan till svaghet.<br \/>\nVisst har det satts upp finansiella m\u00e5l, m\u00e5nga m\u00e5l. Just det \u00e4r en mardr\u00f6m. M\u00e5len skall vara f\u00e5, enkla, tydliga och realistiska. Och man skall kr\u00e4va att riktlinjerna verkligen f\u00f6ljs. Men d\u00e5 m\u00e5ste man ocks\u00e5 ha beredskap f\u00f6r det ov\u00e4ntade, t.ex. inom socialtj\u00e4nstens omr\u00e5de.<\/p>\n<p><img loading=\"lazy\" decoding=\"async\" src=\"http:\/\/ydrebo.se\/kd\/veckobrev2015\/brandskada.JPG\" width=\"450\" height=\"450\" \/><br \/>\n<i>Det brinner i knutarna ocks\u00e5 f\u00f6r Ydre (bild fr\u00e5n Eksj\u00f6)<\/p>\n<p><\/i><i>Bengt Malm, ordf.<br \/>\n30 september 2015<\/i><\/p>\n","protected":false},"excerpt":{"rendered":"<p>S\u00e5 kan man sammanfatta den analys av Ydre kommun som gjorts av Sveriges Kommuner och Landsting och som presenterades h\u00e4romdagen. Visst finns det positiva omn\u00e4mnanden i analysen. Ydres befolking kommer sannolikt inte att minska de n\u00e4rmaste fem \u00e5ren. Men andelen pension\u00e4rer \u00f6kar och andelen f\u00f6rv\u00e4rvsarbetande minskar. Ydre h\u00f6r inte till de riktigt fattiga kommunerna. Men <a class=\"read-more-link\" href=\"https:\/\/wp.kristdemokraterna.se\/ydre\/2015-09-30-det-brinner-i-knutarna\/\">L\u00e4s mer<\/a><\/p>\n","protected":false},"author":793,"featured_media":0,"parent":0,"menu_order":0,"comment_status":"closed","ping_status":"closed","template":"","meta":{"_acf_changed":false,"footnotes":""},"class_list":["post-1557","page","type-page","status-publish","hentry"],"acf":[],"yoast_head":"<!-- This site is optimized with the Yoast SEO plugin v27.4 - https:\/\/yoast.com\/product\/yoast-seo-wordpress\/ -->\n<title>2015-09-30 Det brinner i knutarna - Kristdemokraterna i Ydre<\/title>\n<meta name=\"robots\" content=\"index, follow, max-snippet:-1, max-image-preview:large, max-video-preview:-1\" \/>\n<link rel=\"canonical\" href=\"https:\/\/wp.kristdemokraterna.se\/ydre\/2015-09-30-det-brinner-i-knutarna\/\" \/>\n<meta property=\"og:locale\" content=\"sv_SE\" \/>\n<meta property=\"og:type\" content=\"article\" \/>\n<meta property=\"og:title\" content=\"2015-09-30 Det brinner i knutarna - Kristdemokraterna i Ydre\" \/>\n<meta property=\"og:description\" content=\"S\u00e5 kan man sammanfatta den analys av Ydre kommun som gjorts av Sveriges Kommuner och Landsting och som presenterades h\u00e4romdagen. Visst finns det positiva omn\u00e4mnanden i analysen. Ydres befolking kommer sannolikt inte att minska de n\u00e4rmaste fem \u00e5ren. Men andelen pension\u00e4rer \u00f6kar och andelen f\u00f6rv\u00e4rvsarbetande minskar. Ydre h\u00f6r inte till de riktigt fattiga kommunerna. Men L\u00e4s mer\" \/>\n<meta property=\"og:url\" content=\"https:\/\/wp.kristdemokraterna.se\/ydre\/2015-09-30-det-brinner-i-knutarna\/\" \/>\n<meta property=\"og:site_name\" content=\"Kristdemokraterna i Ydre\" \/>\n<meta property=\"article:modified_time\" content=\"2018-08-11T16:21:48+00:00\" \/>\n<meta property=\"og:image\" content=\"http:\/\/ydrebo.se\/kd\/veckobrev2015\/brandskada.JPG\" \/>\n<meta name=\"twitter:card\" content=\"summary_large_image\" \/>\n<meta name=\"twitter:label1\" content=\"Ber\u00e4knad l\u00e4stid\" \/>\n\t<meta name=\"twitter:data1\" content=\"1 minut\" \/>\n<script type=\"application\/ld+json\" class=\"yoast-schema-graph\">{\"@context\":\"https:\\\/\\\/schema.org\",\"@graph\":[{\"@type\":\"WebPage\",\"@id\":\"https:\\\/\\\/wp.kristdemokraterna.se\\\/ydre\\\/2015-09-30-det-brinner-i-knutarna\\\/\",\"url\":\"https:\\\/\\\/wp.kristdemokraterna.se\\\/ydre\\\/2015-09-30-det-brinner-i-knutarna\\\/\",\"name\":\"2015-09-30 Det brinner i knutarna - Kristdemokraterna i Ydre\",\"isPartOf\":{\"@id\":\"https:\\\/\\\/wp.kristdemokraterna.se\\\/ydre\\\/#website\"},\"primaryImageOfPage\":{\"@id\":\"https:\\\/\\\/wp.kristdemokraterna.se\\\/ydre\\\/2015-09-30-det-brinner-i-knutarna\\\/#primaryimage\"},\"image\":{\"@id\":\"https:\\\/\\\/wp.kristdemokraterna.se\\\/ydre\\\/2015-09-30-det-brinner-i-knutarna\\\/#primaryimage\"},\"thumbnailUrl\":\"http:\\\/\\\/ydrebo.se\\\/kd\\\/veckobrev2015\\\/brandskada.JPG\",\"datePublished\":\"2018-08-11T16:21:29+00:00\",\"dateModified\":\"2018-08-11T16:21:48+00:00\",\"breadcrumb\":{\"@id\":\"https:\\\/\\\/wp.kristdemokraterna.se\\\/ydre\\\/2015-09-30-det-brinner-i-knutarna\\\/#breadcrumb\"},\"inLanguage\":\"sv-SE\",\"potentialAction\":[{\"@type\":\"ReadAction\",\"target\":[\"https:\\\/\\\/wp.kristdemokraterna.se\\\/ydre\\\/2015-09-30-det-brinner-i-knutarna\\\/\"]}]},{\"@type\":\"ImageObject\",\"inLanguage\":\"sv-SE\",\"@id\":\"https:\\\/\\\/wp.kristdemokraterna.se\\\/ydre\\\/2015-09-30-det-brinner-i-knutarna\\\/#primaryimage\",\"url\":\"http:\\\/\\\/ydrebo.se\\\/kd\\\/veckobrev2015\\\/brandskada.JPG\",\"contentUrl\":\"http:\\\/\\\/ydrebo.se\\\/kd\\\/veckobrev2015\\\/brandskada.JPG\"},{\"@type\":\"BreadcrumbList\",\"@id\":\"https:\\\/\\\/wp.kristdemokraterna.se\\\/ydre\\\/2015-09-30-det-brinner-i-knutarna\\\/#breadcrumb\",\"itemListElement\":[{\"@type\":\"ListItem\",\"position\":1,\"name\":\"Hem\",\"item\":\"https:\\\/\\\/wp.kristdemokraterna.se\\\/ydre\\\/\"},{\"@type\":\"ListItem\",\"position\":2,\"name\":\"2015-09-30 Det brinner i knutarna\"}]},{\"@type\":\"WebSite\",\"@id\":\"https:\\\/\\\/wp.kristdemokraterna.se\\\/ydre\\\/#website\",\"url\":\"https:\\\/\\\/wp.kristdemokraterna.se\\\/ydre\\\/\",\"name\":\"Kristdemokraterna i Ydre\",\"description\":\"En till Kristdemokraterna webbplats\",\"inLanguage\":\"sv-SE\"}]}<\/script>\n<!-- \/ Yoast SEO plugin. -->","yoast_head_json":{"title":"2015-09-30 Det brinner i knutarna - Kristdemokraterna i Ydre","robots":{"index":"index","follow":"follow","max-snippet":"max-snippet:-1","max-image-preview":"max-image-preview:large","max-video-preview":"max-video-preview:-1"},"canonical":"https:\/\/wp.kristdemokraterna.se\/ydre\/2015-09-30-det-brinner-i-knutarna\/","og_locale":"sv_SE","og_type":"article","og_title":"2015-09-30 Det brinner i knutarna - Kristdemokraterna i Ydre","og_description":"S\u00e5 kan man sammanfatta den analys av Ydre kommun som gjorts av Sveriges Kommuner och Landsting och som presenterades h\u00e4romdagen. Visst finns det positiva omn\u00e4mnanden i analysen. Ydres befolking kommer sannolikt inte att minska de n\u00e4rmaste fem \u00e5ren. Men andelen pension\u00e4rer \u00f6kar och andelen f\u00f6rv\u00e4rvsarbetande minskar. Ydre h\u00f6r inte till de riktigt fattiga kommunerna. Men L\u00e4s mer","og_url":"https:\/\/wp.kristdemokraterna.se\/ydre\/2015-09-30-det-brinner-i-knutarna\/","og_site_name":"Kristdemokraterna i Ydre","article_modified_time":"2018-08-11T16:21:48+00:00","og_image":[{"url":"http:\/\/ydrebo.se\/kd\/veckobrev2015\/brandskada.JPG","type":"","width":"","height":""}],"twitter_card":"summary_large_image","twitter_misc":{"Ber\u00e4knad l\u00e4stid":"1 minut"},"schema":{"@context":"https:\/\/schema.org","@graph":[{"@type":"WebPage","@id":"https:\/\/wp.kristdemokraterna.se\/ydre\/2015-09-30-det-brinner-i-knutarna\/","url":"https:\/\/wp.kristdemokraterna.se\/ydre\/2015-09-30-det-brinner-i-knutarna\/","name":"2015-09-30 Det brinner i knutarna - Kristdemokraterna i Ydre","isPartOf":{"@id":"https:\/\/wp.kristdemokraterna.se\/ydre\/#website"},"primaryImageOfPage":{"@id":"https:\/\/wp.kristdemokraterna.se\/ydre\/2015-09-30-det-brinner-i-knutarna\/#primaryimage"},"image":{"@id":"https:\/\/wp.kristdemokraterna.se\/ydre\/2015-09-30-det-brinner-i-knutarna\/#primaryimage"},"thumbnailUrl":"http:\/\/ydrebo.se\/kd\/veckobrev2015\/brandskada.JPG","datePublished":"2018-08-11T16:21:29+00:00","dateModified":"2018-08-11T16:21:48+00:00","breadcrumb":{"@id":"https:\/\/wp.kristdemokraterna.se\/ydre\/2015-09-30-det-brinner-i-knutarna\/#breadcrumb"},"inLanguage":"sv-SE","potentialAction":[{"@type":"ReadAction","target":["https:\/\/wp.kristdemokraterna.se\/ydre\/2015-09-30-det-brinner-i-knutarna\/"]}]},{"@type":"ImageObject","inLanguage":"sv-SE","@id":"https:\/\/wp.kristdemokraterna.se\/ydre\/2015-09-30-det-brinner-i-knutarna\/#primaryimage","url":"http:\/\/ydrebo.se\/kd\/veckobrev2015\/brandskada.JPG","contentUrl":"http:\/\/ydrebo.se\/kd\/veckobrev2015\/brandskada.JPG"},{"@type":"BreadcrumbList","@id":"https:\/\/wp.kristdemokraterna.se\/ydre\/2015-09-30-det-brinner-i-knutarna\/#breadcrumb","itemListElement":[{"@type":"ListItem","position":1,"name":"Hem","item":"https:\/\/wp.kristdemokraterna.se\/ydre\/"},{"@type":"ListItem","position":2,"name":"2015-09-30 Det brinner i knutarna"}]},{"@type":"WebSite","@id":"https:\/\/wp.kristdemokraterna.se\/ydre\/#website","url":"https:\/\/wp.kristdemokraterna.se\/ydre\/","name":"Kristdemokraterna i Ydre","description":"En till Kristdemokraterna webbplats","inLanguage":"sv-SE"}]}},"_links":{"self":[{"href":"https:\/\/wp.kristdemokraterna.se\/ydre\/wp-json\/wp\/v2\/pages\/1557","targetHints":{"allow":["GET"]}}],"collection":[{"href":"https:\/\/wp.kristdemokraterna.se\/ydre\/wp-json\/wp\/v2\/pages"}],"about":[{"href":"https:\/\/wp.kristdemokraterna.se\/ydre\/wp-json\/wp\/v2\/types\/page"}],"author":[{"embeddable":true,"href":"https:\/\/wp.kristdemokraterna.se\/ydre\/wp-json\/wp\/v2\/users\/793"}],"replies":[{"embeddable":true,"href":"https:\/\/wp.kristdemokraterna.se\/ydre\/wp-json\/wp\/v2\/comments?post=1557"}],"version-history":[{"count":2,"href":"https:\/\/wp.kristdemokraterna.se\/ydre\/wp-json\/wp\/v2\/pages\/1557\/revisions"}],"predecessor-version":[{"id":1559,"href":"https:\/\/wp.kristdemokraterna.se\/ydre\/wp-json\/wp\/v2\/pages\/1557\/revisions\/1559"}],"wp:attachment":[{"href":"https:\/\/wp.kristdemokraterna.se\/ydre\/wp-json\/wp\/v2\/media?parent=1557"}],"curies":[{"name":"wp","href":"https:\/\/api.w.org\/{rel}","templated":true}]}}